{"id":250526,"date":"2021-07-29T15:54:12","date_gmt":"2021-07-29T13:54:12","guid":{"rendered":"https:\/\/staging.nebulonghi.it\/servizi\/inhumacion"},"modified":"2022-06-14T14:34:41","modified_gmt":"2022-06-14T12:34:41","slug":"inhumacion","status":"publish","type":"servizi","link":"https:\/\/www.nebulonghi.it\/es\/servicios\/inhumacion","title":{"rendered":"Inhumaci\u00f3n"},"content":{"rendered":"<p>[et_pb_section fb_built=\u00bb1&#8243; module_class=\u00bbsezione-pagina-servizio\u00bb _builder_version=\u00bb4.16&#8243; custom_margin=\u00bb1em|0px|0px|0px|false|false\u00bb custom_padding=\u00bb0px|0px|0px|0px|false|false\u00bb global_colors_info=\u00bb{}\u00bb theme_builder_area=\u00bbpost_content\u00bb da_is_popup=\u00bboff\u00bb da_exit_intent=\u00bboff\u00bb da_has_close=\u00bbon\u00bb da_alt_close=\u00bboff\u00bb da_dark_close=\u00bboff\u00bb da_not_modal=\u00bbon\u00bb da_is_singular=\u00bboff\u00bb da_with_loader=\u00bboff\u00bb da_has_shadow=\u00bbon\u00bb da_disable_devices=\u00bboff|off|off\u00bb][et_pb_row _builder_version=\u00bb4.16&#8243; background_size=\u00bbinitial\u00bb background_position=\u00bbtop_left\u00bb background_repeat=\u00bbrepeat\u00bb width=\u00bb100%\u00bb custom_margin=\u00bb0px|0px|0px|0px|false|false\u00bb custom_padding=\u00bb0px|0px|0px|0px|false|false\u00bb global_colors_info=\u00bb{}\u00bb theme_builder_area=\u00bbpost_content\u00bb][et_pb_column type=\u00bb4_4&#8243; _builder_version=\u00bb4.16&#8243; custom_padding=\u00bb|||\u00bb global_colors_info=\u00bb{}\u00bb custom_padding__hover=\u00bb|||\u00bb theme_builder_area=\u00bbpost_content\u00bb][et_pb_text _builder_version=\u00bb4.17.4&#8243; text_font=\u00bb|300|||||||\u00bb header_2_text_color=\u00bbgcid-cb5643f0-d518-4fb5-93d5-55203e1c1ffb\u00bb header_2_font_size=\u00bb22px\u00bb header_3_text_color=\u00bbgcid-cb5643f0-d518-4fb5-93d5-55203e1c1ffb\u00bb background_size=\u00bbinitial\u00bb background_position=\u00bbtop_left\u00bb background_repeat=\u00bbrepeat\u00bb hover_enabled=\u00bb0&#8243; global_colors_info=\u00bb{%22gcid-cb5643f0-d518-4fb5-93d5-55203e1c1ffb%22:%91%22header_2_text_color%22,%22header_3_text_color%22%93}\u00bb theme_builder_area=\u00bbpost_content\u00bb sticky_enabled=\u00bb0&#8243;]<\/p>\n<h2>Inhumaci\u00f3n<\/h2>\n<p><img loading=\"lazy\" decoding=\"async\" class=\"wp-image-242058 alignleft size-medium\" src=\"https:\/\/www.nebulonghi.it\/wp-content\/smush-webp\/2021\/04\/Bruzzano_01_B-380x254.jpg.webp\" alt=\"Inhumaci\u00f3n\" width=\"300\" height=\"200\" title=\"\" data-smush-webp-fallback=\"{&quot;src&quot;:&quot;https:\\\/\\\/www.nebulonghi.it\\\/wp-content\\\/uploads\\\/2021\\\/04\\\/Bruzzano_01_B-380x254.jpg&quot;}\">En Arimatea Nebulonghi ofrecemos <strong>ayuda completa<\/strong> con todos los tr\u00e1mites burocr\u00e1ticos y municipales <strong>relacionados con la inhumaci\u00f3n<\/strong> y estamos a su completa disposici\u00f3n para ayudarle utilizando nuestra amplia experiencia y garantizando transparencia y humanidad durante todo el proceso de organizaci\u00f3n del funeral.<\/p>\n<p>La <strong>inhumaci\u00f3n<\/strong> es un proceso que implica el entierro de la persona fallecida en un f\u00e9retro ya sea por encima del suelo (en un nicho designado) o bajo tierra (en una tumba) en un cementerio<\/p>\n<p>El <strong>coste de la concesi\u00f3n de un nicho<\/strong> depende de la ciudad y lo establece el municipio al que pertenece el cementerio.<\/p>\n<p><strong>Para los funerales de inhumaci\u00f3n<\/strong> Arimatea Nebulonghi recomienda un f\u00e9retro de buena calidad, ya que el procedimiento implica que el f\u00e9retro debe permanecer intacto durante varias d\u00e9cadas.<\/p>\n<p><!-- \/divi:paragraph --><\/p>\n<p>[\/et_pb_text][\/et_pb_column][\/et_pb_row][et_pb_row _builder_version=\u00bb4.16&#8243; background_size=\u00bbinitial\u00bb background_position=\u00bbtop_left\u00bb background_repeat=\u00bbrepeat\u00bb width=\u00bb100%\u00bb custom_margin=\u00bb0px|0px|0px|0px|false|false\u00bb custom_padding=\u00bb0px|0px|0px|0px|false|false\u00bb global_colors_info=\u00bb{}\u00bb theme_builder_area=\u00bbpost_content\u00bb][et_pb_column type=\u00bb4_4&#8243; _builder_version=\u00bb4.16&#8243; custom_padding=\u00bb|||\u00bb global_colors_info=\u00bb{}\u00bb custom_padding__hover=\u00bb|||\u00bb theme_builder_area=\u00bbpost_content\u00bb][et_pb_text _builder_version=\u00bb4.16&#8243; text_font=\u00bb|300|||||||\u00bb header_2_text_color=\u00bbgcid-cb5643f0-d518-4fb5-93d5-55203e1c1ffb\u00bb header_3_text_color=\u00bbgcid-cb5643f0-d518-4fb5-93d5-55203e1c1ffb\u00bb background_size=\u00bbinitial\u00bb background_position=\u00bbtop_left\u00bb background_repeat=\u00bbrepeat\u00bb global_colors_info=\u00bb{%22gcid-cb5643f0-d518-4fb5-93d5-55203e1c1ffb%22:%91%22header_2_text_color%22,%22header_3_text_color%22%93}\u00bb theme_builder_area=\u00bbpost_content\u00bb]<\/p>\n<p>Arimatea Nebulonghi se ocupa de gestionar <strong>todos los tr\u00e1mites burocr\u00e1ticos y de documentaci\u00f3n<\/strong> relacionados con la inhumaci\u00f3n, incluida la adquisici\u00f3n de la concesi\u00f3n para el nicho o la tumba del cementerio.<\/p>\n<p>Nuestro personal se ocupar\u00e1 tambi\u00e9n de <strong>acompa\u00f1ar al f\u00e9retro<\/strong> desde el lugar en el que se celebre el funeral hasta la ubicaci\u00f3n elegida para el entierro, no importa si es en un cementerio de Mil\u00e1n o en otro lugar. Los parientes de una persona fallecida cuya residencia estuviera en la ciudad de Mil\u00e1n pueden solicitar el entierro en <strong>cualquier cementerio de Mil\u00e1n<\/strong>, o solicitar el traslado a otro cementerio fuera de la ciudad.<\/p>\n<p>En funci\u00f3n de la disponibilidad, el <strong>permiso de inhumaci\u00f3n<\/strong> lo emite el municipio en el que se encuentra el cementerio elegido. Por ejemplo, la concesi\u00f3n de un columbario en un cementerio de Mil\u00e1n lo emite el ayuntamiento de Mil\u00e1n.<\/p>\n<p>La <strong>duraci\u00f3n de la concesi\u00f3n de los columbarios<\/strong> la establece el ayuntamiento en el que se encuentra el cementerio y var\u00eda de un ayuntamiento a otro. Por ejemplo, en la ciudad de Mil\u00e1n, la concesi\u00f3n de un columbario tiene una duraci\u00f3n de 30 o 40 a\u00f1os.<br \/>\nFuneral e inhumaci\u00f3n <\/p>\n<p>&nbsp;<\/p>\n<p><!-- \/divi:paragraph -->[\/et_pb_text][\/et_pb_column][\/et_pb_row][\/et_pb_section][et_pb_section fb_built=\u00bb1&#8243; _builder_version=\u00bb4.16&#8243; _module_preset=\u00bbdefault\u00bb custom_margin=\u00bb0px||0px||true|false\u00bb custom_padding=\u00bb0px||0px||true|false\u00bb global_colors_info=\u00bb{}\u00bb theme_builder_area=\u00bbpost_content\u00bb da_is_popup=\u00bboff\u00bb da_exit_intent=\u00bboff\u00bb da_has_close=\u00bbon\u00bb da_alt_close=\u00bboff\u00bb da_dark_close=\u00bboff\u00bb da_not_modal=\u00bbon\u00bb da_is_singular=\u00bboff\u00bb da_with_loader=\u00bboff\u00bb da_has_shadow=\u00bbon\u00bb da_disable_devices=\u00bboff|off|off\u00bb][et_pb_row column_structure=\u00bb2_3,1_3&#8243; admin_label=\u00bbCTA Row\u00bb module_class=\u00bbcta-chiama\u00bb _builder_version=\u00bb4.16&#8243; background_color=\u00bb#3e70b6&#8243; background_color_gradient_direction=\u00bb137deg\u00bb width=\u00bb100%\u00bb custom_padding=\u00bb1em|40px|1.5em|40px|false|false\u00bb border_radii=\u00bbon|2px|2px|2px|2px\u00bb global_colors_info=\u00bb{%22gcid-a96d85c8-e9b2-4e00-99b5-7485533ef31f%22:%91%93,%22gcid-cb5643f0-d518-4fb5-93d5-55203e1c1ffb%22:%91%93}\u00bb theme_builder_area=\u00bbpost_content\u00bb][et_pb_column type=\u00bb2_3&#8243; _builder_version=\u00bb4.16&#8243; custom_padding=\u00bb|||\u00bb global_colors_info=\u00bb{}\u00bb custom_padding__hover=\u00bb|||\u00bb theme_builder_area=\u00bbpost_content\u00bb][et_pb_text module_class=\u00bbcta-chiama-txt\u00bb _builder_version=\u00bb4.16&#8243; text_font=\u00bb||||||||\u00bb text_text_color=\u00bb#ffffff\u00bb text_font_size=\u00bb15px\u00bb header_font=\u00bb|700|||||||\u00bb header_text_align=\u00bbleft\u00bb header_text_color=\u00bb#ffffff\u00bb header_font_size=\u00bb35px\u00bb header_line_height=\u00bb1.4em\u00bb header_2_font=\u00bb|700|||||||\u00bb header_2_text_align=\u00bbleft\u00bb header_2_text_color=\u00bb#ffffff\u00bb header_2_font_size=\u00bb35px\u00bb header_2_line_height=\u00bb1.4em\u00bb header_3_font=\u00bb||||||||\u00bb header_4_font=\u00bb||||||||\u00bb header_5_font=\u00bb||||||||\u00bb header_6_font=\u00bb||||||||\u00bb custom_margin=\u00bb||| \u00bb global_colors_info=\u00bb{}\u00bb theme_builder_area=\u00bbpost_content\u00bb]<\/p>\n<h2>Funerale e tumulazione<\/h2>\n<p>Para organizar un funeral con la consiguiente inhumaci\u00f3n en un nicho municipal o en una tumba de la familia, no dude en <a title=\"chiamaci\" href=\"tel:+390266222895\">llamarnos<\/a>: y nosotros nos ocuparemos de todo con profesionalidad, humanidad y competencia.<\/p>\n<p>[\/et_pb_text][\/et_pb_column][et_pb_column type=\u00bb1_3&#8243; _builder_version=\u00bb4.16&#8243; custom_padding=\u00bb|||\u00bb global_colors_info=\u00bb{}\u00bb custom_padding__hover=\u00bb|||\u00bb theme_builder_area=\u00bbpost_content\u00bb][et_pb_button button_url=\u00bbtel:+390266222895&#8243; button_text=\u00bbponerse en contacto con nosotros\u00bb module_class=\u00bbfull-width-btn\u00bb _builder_version=\u00bb4.16&#8243; _module_preset=\u00bb255d068a-70ed-4dff-bad5-7346b9cd57bc\u00bb button_text_color=\u00bb#000000&#8243; button_bg_color=\u00bb#FFFFFF\u00bb button_font=\u00bb|600|||||||\u00bb custom_margin=\u00bb1em||||false|false\u00bb animation_style=\u00bbnone\u00bb hover_transition_duration=\u00bb0ms\u00bb hover_transition_speed_curve=\u00bbease-in-out\u00bb button_letter_spacing_hover=\u00bb1px\u00bb button_bg_color_hover=\u00bb#236299&#8243; saved_tabs=\u00bball\u00bb locked=\u00bboff\u00bb global_colors_info=\u00bb{%22gcid-cb5643f0-d518-4fb5-93d5-55203e1c1ffb%22:%91%93,%22gcid-a96d85c8-e9b2-4e00-99b5-7485533ef31f%22:%91%93}\u00bb button_one_text_size__hover_enabled=\u00bboff\u00bb button_two_text_size__hover_enabled=\u00bboff\u00bb button_one_text_color__hover_enabled=\u00bboff\u00bb button_two_text_color__hover_enabled=\u00bboff\u00bb button_one_border_width__hover_enabled=\u00bboff\u00bb button_two_border_width__hover_enabled=\u00bboff\u00bb button_one_border_color__hover_enabled=\u00bboff\u00bb button_two_border_color__hover_enabled=\u00bboff\u00bb button_one_border_radius__hover_enabled=\u00bboff\u00bb button_two_border_radius__hover_enabled=\u00bboff\u00bb button_one_letter_spacing__hover_enabled=\u00bboff\u00bb button_two_letter_spacing__hover_enabled=\u00bboff\u00bb button_one_bg_color__hover_enabled=\u00bboff\u00bb button_two_bg_color__hover_enabled=\u00bboff\u00bb button_bg_color__hover_enabled=\u00bbon|hover\u00bb button_bg_color__hover=\u00bb#000000&#8243; button_bg_enable_color__hover=\u00bbon\u00bb button_text_color__hover_enabled=\u00bbon|hover\u00bb button_text_color__hover=\u00bb#FFFFFF\u00bb theme_builder_area=\u00bbpost_content\u00bb][\/et_pb_button][\/et_pb_column][\/et_pb_row][\/et_pb_section]<\/p>\n","protected":false},"excerpt":{"rendered":"<p>Ofrecemos servicios de inhumaci\u00f3n en nichos, criptas y tumbas de familia en cementerios del municipio de Mil\u00e1n.<\/p>\n","protected":false},"featured_media":245241,"template":"","meta":{"_et_pb_use_builder":"on","_et_pb_old_content":"","_et_gb_content_width":""},"class_list":["post-250526","servizi","type-servizi","status-publish","has-post-thumbnail","hentry"],"_links":{"self":[{"href":"https:\/\/www.nebulonghi.it\/es\/wp-json\/wp\/v2\/servizi\/250526","targetHints":{"allow":["GET"]}}],"collection":[{"href":"https:\/\/www.nebulonghi.it\/es\/wp-json\/wp\/v2\/servizi"}],"about":[{"href":"https:\/\/www.nebulonghi.it\/es\/wp-json\/wp\/v2\/types\/servizi"}],"wp:featuredmedia":[{"embeddable":true,"href":"https:\/\/www.nebulonghi.it\/es\/wp-json\/wp\/v2\/media\/245241"}],"wp:attachment":[{"href":"https:\/\/www.nebulonghi.it\/es\/wp-json\/wp\/v2\/media?parent=250526"}],"curies":[{"name":"wp","href":"https:\/\/api.w.org\/{rel}","templated":true}]}}