{"id":250522,"date":"2021-07-29T13:22:57","date_gmt":"2021-07-29T11:22:57","guid":{"rendered":"https:\/\/staging.nebulonghi.it\/servizi\/cremacion"},"modified":"2022-06-15T12:27:20","modified_gmt":"2022-06-15T10:27:20","slug":"cremacion","status":"publish","type":"servizi","link":"https:\/\/www.nebulonghi.it\/es\/servicios\/cremacion","title":{"rendered":"Cremaci\u00f3n"},"content":{"rendered":"<p>[et_pb_section fb_built=\u00bb1&#8243; module_class=\u00bbsezione-pagina-servizio\u00bb _builder_version=\u00bb4.16&#8243; custom_margin=\u00bb1em|0px|0px|0px|false|false\u00bb custom_padding=\u00bb0px|0px|0px|0px|false|false\u00bb da_disable_devices=\u00bboff|off|off\u00bb global_colors_info=\u00bb{}\u00bb theme_builder_area=\u00bbpost_content\u00bb da_is_popup=\u00bboff\u00bb da_exit_intent=\u00bboff\u00bb da_has_close=\u00bbon\u00bb da_alt_close=\u00bboff\u00bb da_dark_close=\u00bboff\u00bb da_not_modal=\u00bbon\u00bb da_is_singular=\u00bboff\u00bb da_with_loader=\u00bboff\u00bb da_has_shadow=\u00bbon\u00bb][et_pb_row _builder_version=\u00bb4.16&#8243; background_size=\u00bbinitial\u00bb background_position=\u00bbtop_left\u00bb background_repeat=\u00bbrepeat\u00bb width=\u00bb100%\u00bb custom_margin=\u00bb0px|0px|0px|0px|false|false\u00bb custom_padding=\u00bb0px|0px|0em|0px|false|false\u00bb global_colors_info=\u00bb{}\u00bb theme_builder_area=\u00bbpost_content\u00bb][et_pb_column type=\u00bb4_4&#8243; _builder_version=\u00bb4.16&#8243; custom_padding=\u00bb|||\u00bb global_colors_info=\u00bb{}\u00bb custom_padding__hover=\u00bb|||\u00bb theme_builder_area=\u00bbpost_content\u00bb][et_pb_text _builder_version=\u00bb4.17.4&#8243; text_font=\u00bb|300|||||||\u00bb header_2_text_color=\u00bbgcid-cb5643f0-d518-4fb5-93d5-55203e1c1ffb\u00bb background_size=\u00bbinitial\u00bb background_position=\u00bbtop_left\u00bb background_repeat=\u00bbrepeat\u00bb global_colors_info=\u00bb{%22gcid-cb5643f0-d518-4fb5-93d5-55203e1c1ffb%22:%91%22header_2_text_color%22%93}\u00bb theme_builder_area=\u00bbpost_content\u00bb]<\/p>\n<h2>Cremaci\u00f3n<\/h2>\n<p><img loading=\"lazy\" decoding=\"async\" class=\"wp-image-244702 alignleft size-medium\" src=\"https:\/\/www.nebulonghi.it\/wp-content\/uploads\/2021\/07\/Urna-affidamento-ceramica-2-1-288x300-1.webp\" alt=\"Cremaci\u00f3n\" width=\"300\" height=\"225\" title=\"\"><\/p>\n<p>Llevamos m\u00e1s de 50 a\u00f1os ofreciendo <strong>servicios de cremaci\u00f3n en Mil\u00e1n<\/strong> y su provincia.<\/p>\n<p>Puede confiar en nosotros la tarea de organizar un <strong>funeral y una cremaci\u00f3n dignos en Mil\u00e1n<\/strong>: nuestro personal experto le guiar\u00e1 paso a paso por todas las fases para ayudarle a organizar una ceremonia adaptada a sus necesidades.<\/p>\n<p>Nuestra extensa experiencia en el sector nos permite ofrecerle unos <strong>servicios de cremaci\u00f3n integrales y profesionales<\/strong>. Estamos a su disposici\u00f3n para gestionar todos los procedimientos administrativos que requiere la ley, para obtener la documentaci\u00f3n necesaria para la cremaci\u00f3n, para organizar el funeral y para el posterior traslado del f\u00e9retro al crematorio.<\/p>\n<p>Para satisfacer la demanda cada vez mayor de cremaciones, utilizamos el <strong>crematorio Lambrate de Mil\u00e1n<\/strong>, los diez crematorios de la regi\u00f3n de Lombard\u00eda y el crematorio de Piedmont, en Bra (en la provincia de Cuneo) y en Valenza y Serravalle Scrivia (en la provincia de Alessandria). La cremaci\u00f3n se puede realizar en un <strong>crematorio p\u00fablico o privado<\/strong>. Para la cremaci\u00f3n, recomendamos un f\u00e9retro sencillo de pino.<\/p>\n<p>Las <strong>cenizas<\/strong> que se obtienen del proceso de cremaci\u00f3n se pueden depositar en un cementerio de Mil\u00e1n o entregar a un miembro de la familia. La<strong>custodia de las cenizas<\/strong> puede solicitarla la persona que haya designado la persona fallecida, el c\u00f3nyuge o un familiar de hasta sexto grado de parentesco. Para obtener la custodia de las cenizas, enviaremos todas las solicitudes oportunas a las oficinas municipales correspondientes en su nombre.<\/p>\n<p>Si desea <strong>esparcir las cenizas<\/strong>, nuestro personal le proporcionar\u00e1 todos los documentos p\u00fablicos necesarios. Las cenizas pueden esparcirse en un cementerio, en la naturaleza (el mar, un lago, un r\u00edo, un bosque y una monta\u00f1a, por ejemplo) o en una propiedad privada. La persona responsable de esparcir las cenizas puede ser el c\u00f3nyuge u otro miembro de la familia. Tambi\u00e9n puede esparcir las cenizas un funcionario p\u00fablico, el albacea testamentario o el representante legal de la asociaci\u00f3n de cremaci\u00f3n en la que estuviera registrada la persona fallecida.<\/p>\n<p>&nbsp;<\/p>\n<p>&nbsp;<\/p>\n<p><!-- \/divi:paragraph -->[\/et_pb_text][\/et_pb_column][\/et_pb_row][\/et_pb_section][et_pb_section fb_built=\u00bb1&#8243; _builder_version=\u00bb4.16&#8243; _module_preset=\u00bbdefault\u00bb custom_margin=\u00bb||0px||false|false\u00bb custom_padding=\u00bb0px||0px||false|false\u00bb da_disable_devices=\u00bboff|off|off\u00bb global_colors_info=\u00bb{}\u00bb theme_builder_area=\u00bbpost_content\u00bb da_is_popup=\u00bboff\u00bb da_exit_intent=\u00bboff\u00bb da_has_close=\u00bbon\u00bb da_alt_close=\u00bboff\u00bb da_dark_close=\u00bboff\u00bb da_not_modal=\u00bbon\u00bb da_is_singular=\u00bboff\u00bb da_with_loader=\u00bboff\u00bb da_has_shadow=\u00bbon\u00bb][et_pb_row _builder_version=\u00bb4.16&#8243; _module_preset=\u00bbdefault\u00bb width=\u00bb100%\u00bb custom_margin=\u00bb||0px||false|false\u00bb custom_padding=\u00bb||0px||false|false\u00bb global_colors_info=\u00bb{}\u00bb theme_builder_area=\u00bbpost_content\u00bb][et_pb_column type=\u00bb4_4&#8243; _builder_version=\u00bb4.16&#8243; _module_preset=\u00bbdefault\u00bb global_colors_info=\u00bb{}\u00bb theme_builder_area=\u00bbpost_content\u00bb][et_pb_text _builder_version=\u00bb4.16&#8243; _module_preset=\u00bbdefault\u00bb text_font=\u00bb|600|||||||\u00bb text_text_color=\u00bbgcid-cb5643f0-d518-4fb5-93d5-55203e1c1ffb\u00bb text_font_size=\u00bb17px\u00bb header_text_color=\u00bbgcid-cb5643f0-d518-4fb5-93d5-55203e1c1ffb\u00bb header_2_font=\u00bb|800|||||||\u00bb header_2_text_color=\u00bbgcid-cb5643f0-d518-4fb5-93d5-55203e1c1ffb\u00bb header_2_font_size=\u00bb30px\u00bb custom_margin=\u00bb0px|0px|1em|0px|false|false\u00bb custom_padding=\u00bb0px|0px|0px|0px|false|false\u00bb global_colors_info=\u00bb{%22gcid-cb5643f0-d518-4fb5-93d5-55203e1c1ffb%22:%91%22text_text_color%22,%22header_text_color%22,%22header_2_text_color%22%93}\u00bb theme_builder_area=\u00bbpost_content\u00bb]<\/p>\n<h2 style=\"text-align: center;\">PREGUNTAS FRECUENTES<\/h2>\n<p>[\/et_pb_text][et_pb_df_faq filter_by_category_on=\u00bbon\u00bb include_categories=\u00bb134&#8243; has_custom_h=\u00bbon\u00bb accordion_bg_color_open=\u00bb#FFFFFF\u00bb accordion_icon_color=\u00bbgcid-cb5643f0-d518-4fb5-93d5-55203e1c1ffb\u00bb _builder_version=\u00bb4.16&#8243; _module_preset=\u00bbdefault\u00bb question_font=\u00bb|600|||||||\u00bb question_font_size=\u00bb16px\u00bb global_colors_info=\u00bb{%22gcid-cb5643f0-d518-4fb5-93d5-55203e1c1ffb%22:%91%22accordion_icon_color%22%93}\u00bb theme_builder_area=\u00bbpost_content\u00bb][\/et_pb_df_faq][\/et_pb_column][\/et_pb_row][\/et_pb_section][et_pb_section fb_built=\u00bb1&#8243; _builder_version=\u00bb4.16&#8243; _module_preset=\u00bbdefault\u00bb custom_margin=\u00bb0px||0px||true|false\u00bb custom_padding=\u00bb0px||0px||true|false\u00bb da_disable_devices=\u00bboff|off|off\u00bb global_colors_info=\u00bb{}\u00bb theme_builder_area=\u00bbpost_content\u00bb da_is_popup=\u00bboff\u00bb da_exit_intent=\u00bboff\u00bb da_has_close=\u00bbon\u00bb da_alt_close=\u00bboff\u00bb da_dark_close=\u00bboff\u00bb da_not_modal=\u00bbon\u00bb da_is_singular=\u00bboff\u00bb da_with_loader=\u00bboff\u00bb da_has_shadow=\u00bbon\u00bb][et_pb_row column_structure=\u00bb2_3,1_3&#8243; admin_label=\u00bbCTA Row\u00bb module_class=\u00bbcta-chiama\u00bb _builder_version=\u00bb4.16&#8243; background_color=\u00bb#3e70b6&#8243; background_color_gradient_direction=\u00bb137deg\u00bb width=\u00bb100%\u00bb custom_padding=\u00bb1em|40px|1.5em|40px|false|false\u00bb border_radii=\u00bbon|2px|2px|2px|2px\u00bb global_colors_info=\u00bb{%22gcid-a96d85c8-e9b2-4e00-99b5-7485533ef31f%22:%91%93,%22gcid-cb5643f0-d518-4fb5-93d5-55203e1c1ffb%22:%91%93}\u00bb theme_builder_area=\u00bbpost_content\u00bb][et_pb_column type=\u00bb2_3&#8243; _builder_version=\u00bb4.16&#8243; custom_padding=\u00bb|||\u00bb global_colors_info=\u00bb{}\u00bb custom_padding__hover=\u00bb|||\u00bb theme_builder_area=\u00bbpost_content\u00bb][et_pb_text module_class=\u00bbcta-chiama-txt\u00bb _builder_version=\u00bb4.16&#8243; text_font=\u00bb||||||||\u00bb text_text_color=\u00bb#ffffff\u00bb text_font_size=\u00bb15px\u00bb header_font=\u00bb|700|||||||\u00bb header_text_align=\u00bbleft\u00bb header_text_color=\u00bb#ffffff\u00bb header_font_size=\u00bb35px\u00bb header_line_height=\u00bb1.4em\u00bb header_2_font=\u00bb|700|||||||\u00bb header_2_text_align=\u00bbleft\u00bb header_2_text_color=\u00bb#ffffff\u00bb header_2_font_size=\u00bb35px\u00bb header_2_line_height=\u00bb1.4em\u00bb header_3_font=\u00bb||||||||\u00bb header_4_font=\u00bb||||||||\u00bb header_5_font=\u00bb||||||||\u00bb header_6_font=\u00bb||||||||\u00bb custom_margin=\u00bb||| \u00bb global_colors_info=\u00bb{}\u00bb theme_builder_area=\u00bbpost_content\u00bb]<\/p>\n<h2>Funeral con cremaci\u00f3n<\/h2>\n<p>Le ofrecemos nuestros servicios de cremaci\u00f3n en Mil\u00e1n y su provincia: no dude en <a title=\"chiamaci\" href=\"tel:+390266222895\">llamarnos para obtener m\u00e1s informaci\u00f3n.<\/a><\/p>\n<p>[\/et_pb_text][\/et_pb_column][et_pb_column type=\u00bb1_3&#8243; _builder_version=\u00bb4.16&#8243; custom_padding=\u00bb|||\u00bb global_colors_info=\u00bb{}\u00bb custom_padding__hover=\u00bb|||\u00bb theme_builder_area=\u00bbpost_content\u00bb][et_pb_button button_url=\u00bbtel:+390266222895&#8243; button_text=\u00bbponerse en contacto con nosotros\u00bb module_class=\u00bbfull-width-btn\u00bb _builder_version=\u00bb4.16&#8243; _module_preset=\u00bb255d068a-70ed-4dff-bad5-7346b9cd57bc\u00bb button_text_color=\u00bb#000000&#8243; button_bg_color=\u00bb#FFFFFF\u00bb button_font=\u00bb|600|||||||\u00bb custom_margin=\u00bb1em||||false|false\u00bb animation_style=\u00bbnone\u00bb hover_transition_duration=\u00bb0ms\u00bb hover_transition_speed_curve=\u00bbease-in-out\u00bb button_letter_spacing_hover=\u00bb1px\u00bb button_bg_color_hover=\u00bb#236299&#8243; saved_tabs=\u00bball\u00bb locked=\u00bboff\u00bb global_colors_info=\u00bb{%22gcid-cb5643f0-d518-4fb5-93d5-55203e1c1ffb%22:%91%93,%22gcid-a96d85c8-e9b2-4e00-99b5-7485533ef31f%22:%91%93}\u00bb button_one_text_size__hover_enabled=\u00bboff\u00bb button_two_text_size__hover_enabled=\u00bboff\u00bb button_one_text_color__hover_enabled=\u00bboff\u00bb button_two_text_color__hover_enabled=\u00bboff\u00bb button_one_border_width__hover_enabled=\u00bboff\u00bb button_two_border_width__hover_enabled=\u00bboff\u00bb button_one_border_color__hover_enabled=\u00bboff\u00bb button_two_border_color__hover_enabled=\u00bboff\u00bb button_one_border_radius__hover_enabled=\u00bboff\u00bb button_two_border_radius__hover_enabled=\u00bboff\u00bb button_one_letter_spacing__hover_enabled=\u00bboff\u00bb button_two_letter_spacing__hover_enabled=\u00bboff\u00bb button_one_bg_color__hover_enabled=\u00bboff\u00bb button_two_bg_color__hover_enabled=\u00bboff\u00bb button_bg_color__hover_enabled=\u00bbon|hover\u00bb button_bg_color__hover=\u00bb#000000&#8243; button_bg_enable_color__hover=\u00bbon\u00bb button_text_color__hover_enabled=\u00bbon|hover\u00bb button_text_color__hover=\u00bb#FFFFFF\u00bb theme_builder_area=\u00bbpost_content\u00bb][\/et_pb_button][\/et_pb_column][\/et_pb_row][\/et_pb_section]<\/p>\n","protected":false},"excerpt":{"rendered":"<p>Ofrecemos servicios de cremaci\u00f3n completos, con la opci\u00f3n de guardar las cenizas en el domicilio, depositarlas en un cementerio o esparcirlas.<\/p>\n","protected":false},"featured_media":287499,"template":"","meta":{"_et_pb_use_builder":"on","_et_pb_old_content":"","_et_gb_content_width":""},"class_list":["post-250522","servizi","type-servizi","status-publish","has-post-thumbnail","hentry"],"_links":{"self":[{"href":"https:\/\/www.nebulonghi.it\/es\/wp-json\/wp\/v2\/servizi\/250522","targetHints":{"allow":["GET"]}}],"collection":[{"href":"https:\/\/www.nebulonghi.it\/es\/wp-json\/wp\/v2\/servizi"}],"about":[{"href":"https:\/\/www.nebulonghi.it\/es\/wp-json\/wp\/v2\/types\/servizi"}],"wp:featuredmedia":[{"embeddable":true,"href":"https:\/\/www.nebulonghi.it\/es\/wp-json\/wp\/v2\/media\/287499"}],"wp:attachment":[{"href":"https:\/\/www.nebulonghi.it\/es\/wp-json\/wp\/v2\/media?parent=250522"}],"curies":[{"name":"wp","href":"https:\/\/api.w.org\/{rel}","templated":true}]}}