{"id":250872,"date":"2021-08-06T18:16:29","date_gmt":"2021-08-06T16:16:29","guid":{"rendered":"https:\/\/staging.nebulonghi.it\/sedi\/cinisello-balsamo"},"modified":"2022-06-14T13:05:56","modified_gmt":"2022-06-14T11:05:56","slug":"cinisello-balsamo","status":"publish","type":"sedi","link":"https:\/\/www.nebulonghi.it\/es\/ubicaciones\/cinisello-balsamo","title":{"rendered":"Cinisello Balsamo"},"content":{"rendered":"<p>[et_pb_section fb_built=\u00bb1&#8243; _builder_version=\u00bb4.16&#8243; custom_margin=\u00bb0px||0px||false|false\u00bb custom_padding=\u00bb0px||0px||false|false\u00bb global_colors_info=\u00bb{}\u00bb theme_builder_area=\u00bbpost_content\u00bb da_is_popup=\u00bboff\u00bb da_exit_intent=\u00bboff\u00bb da_has_close=\u00bbon\u00bb da_alt_close=\u00bboff\u00bb da_dark_close=\u00bboff\u00bb da_not_modal=\u00bbon\u00bb da_is_singular=\u00bboff\u00bb da_with_loader=\u00bboff\u00bb da_has_shadow=\u00bbon\u00bb da_disable_devices=\u00bboff|off|off\u00bb][et_pb_row _builder_version=\u00bb4.16&#8243; background_size=\u00bbinitial\u00bb background_position=\u00bbtop_left\u00bb background_repeat=\u00bbrepeat\u00bb width=\u00bb100%\u00bb custom_margin=\u00bb0px||20px||false|false\u00bb custom_padding=\u00bb0px||0px||false|false\u00bb global_colors_info=\u00bb{}\u00bb theme_builder_area=\u00bbpost_content\u00bb][et_pb_column type=\u00bb4_4&#8243; _builder_version=\u00bb4.16&#8243; custom_padding=\u00bb|||\u00bb global_colors_info=\u00bb{}\u00bb custom_padding__hover=\u00bb|||\u00bb theme_builder_area=\u00bbpost_content\u00bb][et_pb_text _builder_version=\u00bb4.16&#8243; text_font=\u00bb|300|||||||\u00bb header_text_color=\u00bbgcid-cb5643f0-d518-4fb5-93d5-55203e1c1ffb\u00bb header_2_text_color=\u00bbgcid-cb5643f0-d518-4fb5-93d5-55203e1c1ffb\u00bb background_size=\u00bbinitial\u00bb background_position=\u00bbtop_left\u00bb background_repeat=\u00bbrepeat\u00bb global_colors_info=\u00bb{%22gcid-cb5643f0-d518-4fb5-93d5-55203e1c1ffb%22:%91%22header_2_text_color%22,%22header_text_color%22%93}\u00bb theme_builder_area=\u00bbpost_content\u00bb]<\/p>\n<h2 class=\"title\">Servicios funerarios, Cinisello Balsamo<\/h2>\n<div class=\"richtext\">\u00a0<\/div>\n<p><!-- \/divi:paragraph --><\/p>\n<p>[\/et_pb_text][\/et_pb_column][\/et_pb_row][et_pb_row column_structure=\u00bb3_5,2_5&#8243; _builder_version=\u00bb4.16&#8243; background_size=\u00bbinitial\u00bb background_position=\u00bbtop_left\u00bb background_repeat=\u00bbrepeat\u00bb width=\u00bb100%\u00bb custom_margin=\u00bb0px||0px||false|false\u00bb custom_padding=\u00bb0px||0px||false|false\u00bb global_colors_info=\u00bb{}\u00bb theme_builder_area=\u00bbpost_content\u00bb][et_pb_column type=\u00bb3_5&#8243; _builder_version=\u00bb4.16&#8243; custom_padding=\u00bb|||\u00bb global_colors_info=\u00bb{}\u00bb custom_padding__hover=\u00bb|||\u00bb theme_builder_area=\u00bbpost_content\u00bb][et_pb_text _builder_version=\u00bb4.16&#8243; text_font=\u00bb|300|||||||\u00bb text_font_size=\u00bb16px\u00bb header_text_color=\u00bbgcid-cb5643f0-d518-4fb5-93d5-55203e1c1ffb\u00bb header_2_text_color=\u00bbgcid-cb5643f0-d518-4fb5-93d5-55203e1c1ffb\u00bb background_size=\u00bbinitial\u00bb background_position=\u00bbtop_left\u00bb background_repeat=\u00bbrepeat\u00bb custom_padding=\u00bb0px|||||\u00bb global_colors_info=\u00bb{%22gcid-cb5643f0-d518-4fb5-93d5-55203e1c1ffb%22:%91%22header_2_text_color%22,%22header_text_color%22%93}\u00bb theme_builder_area=\u00bbpost_content\u00bb]<\/p>\n<p>Ponemos nuestra profesionalidad a su disposici\u00f3n para ofrecerle <strong>servicios funerarios en Cinisello Balsamo<\/strong> que le liberar\u00e1n de todas las responsabilidades pr\u00e1cticas.<\/p>\n<p>Somos un punto de referencia \u00fanico que le ofrece<strong> todos los servicios y art\u00edculos<\/strong> que puede necesitar, desde la gesti\u00f3n de los tr\u00e1mites municipales hasta la organizaci\u00f3n del funeral en Cinisello Balsamo, e incluso la realizaci\u00f3n de placas o piedras conmemorativas. Tambi\u00e9n tenemos un servicio de gesti\u00f3n de herencias.<\/p>\n<p>P\u00f3ngase en contacto con nosotros con confianza y le acompa\u00f1aremos con <strong>humanidad y competencia.<\/strong><\/p>\n<p>&nbsp;<\/p>\n<p><!-- \/divi:paragraph -->[\/et_pb_text][\/et_pb_column][et_pb_column type=\u00bb2_5&#8243; _builder_version=\u00bb4.16&#8243; custom_padding=\u00bb|||\u00bb global_colors_info=\u00bb{}\u00bb custom_padding__hover=\u00bb|||\u00bb theme_builder_area=\u00bbpost_content\u00bb][et_pb_image src=\u00bbhttps:\/\/www.nebulonghi.it\/wp-content\/uploads\/2022\/06\/servicios-funerarios-cinisello-balsamo.webp\u00bb title_text=\u00bbServicios funerarios Cinisello Balsamo\u00bb _builder_version=\u00bb4.17.4&#8243; _module_preset=\u00bbdefault\u00bb hover_enabled=\u00bb0&#8243; global_colors_info=\u00bb{}\u00bb theme_builder_area=\u00bbpost_content\u00bb alt=\u00bbServicios funerarios Cinisello Balsamo\u00bb sticky_enabled=\u00bb0&#8243;][\/et_pb_image][\/et_pb_column][\/et_pb_row][\/et_pb_section][et_pb_section fb_built=\u00bb1&#8243; admin_label=\u00bbsez funerali\u00bb _builder_version=\u00bb4.16&#8243; _module_preset=\u00bbdefault\u00bb global_colors_info=\u00bb{}\u00bb theme_builder_area=\u00bbpost_content\u00bb da_is_popup=\u00bboff\u00bb da_exit_intent=\u00bboff\u00bb da_has_close=\u00bbon\u00bb da_alt_close=\u00bboff\u00bb da_dark_close=\u00bboff\u00bb da_not_modal=\u00bbon\u00bb da_is_singular=\u00bboff\u00bb da_with_loader=\u00bboff\u00bb da_has_shadow=\u00bbon\u00bb da_disable_devices=\u00bboff|off|off\u00bb][et_pb_row column_structure=\u00bb1_3,1_3,1_3&#8243; admin_label=\u00bbtabs funerali\u00bb module_id=\u00bbfunerali-tabs-container\u00bb _builder_version=\u00bb4.16&#8243; _module_preset=\u00bbdefault\u00bb global_colors_info=\u00bb{}\u00bb theme_builder_area=\u00bbpost_content\u00bb][et_pb_column type=\u00bb1_3&#8243; _builder_version=\u00bb4.16&#8243; _module_preset=\u00bbdefault\u00bb global_colors_info=\u00bb{}\u00bb theme_builder_area=\u00bbpost_content\u00bb][et_pb_text _builder_version=\u00bb4.16&#8243; _module_preset=\u00bbdefault\u00bb global_colors_info=\u00bb{}\u00bb theme_builder_area=\u00bbpost_content\u00bb]<\/p>\n<p><a class=\"button__tabs\" href=\"#funeral-basico\">Funeral basico<\/a><\/p>\n<p>[\/et_pb_text][\/et_pb_column][et_pb_column type=\u00bb1_3&#8243; _builder_version=\u00bb4.16&#8243; _module_preset=\u00bbdefault\u00bb global_colors_info=\u00bb{}\u00bb theme_builder_area=\u00bbpost_content\u00bb][et_pb_text _builder_version=\u00bb4.16&#8243; _module_preset=\u00bbdefault\u00bb global_colors_info=\u00bb{}\u00bb theme_builder_area=\u00bbpost_content\u00bb]<\/p>\n<p><a class=\"button__tabs\" href=\"#funeral-completo\">Funeral completo<\/a><\/p>\n<p>[\/et_pb_text][\/et_pb_column][et_pb_column type=\u00bb1_3&#8243; _builder_version=\u00bb4.16&#8243; _module_preset=\u00bbdefault\u00bb global_colors_info=\u00bb{}\u00bb theme_builder_area=\u00bbpost_content\u00bb][et_pb_text _builder_version=\u00bb4.16&#8243; _module_preset=\u00bbdefault\u00bb global_colors_info=\u00bb{}\u00bb theme_builder_area=\u00bbpost_content\u00bb]<\/p>\n<p><a class=\"button__tabs\" href=\"#funeral-personalizado\">Funeral personalizado<\/a><\/p>\n<p>[\/et_pb_text][\/et_pb_column][\/et_pb_row][et_pb_row column_structure=\u00bb2_5,3_5&#8243; admin_label=\u00bbF base\u00bb module_id=\u00bbdiv-funeral-basico\u00bb module_class=\u00bbhide-div\u00bb _builder_version=\u00bb4.16&#8243; _module_preset=\u00bbdefault\u00bb width=\u00bb100%\u00bb global_colors_info=\u00bb{}\u00bb theme_builder_area=\u00bbpost_content\u00bb][et_pb_column type=\u00bb2_5&#8243; _builder_version=\u00bb4.16&#8243; _module_preset=\u00bbdefault\u00bb global_colors_info=\u00bb{}\u00bb theme_builder_area=\u00bbpost_content\u00bb][et_pb_image src=\u00bbhttps:\/\/www.nebulonghi.it\/wp-content\/uploads\/2021\/03\/flower-candle-scaled.jpg\u00bb title_text=\u00bbcandle\u00bb _builder_version=\u00bb4.16&#8243; _module_preset=\u00bbdefault\u00bb global_colors_info=\u00bb{}\u00bb theme_builder_area=\u00bbpost_content\u00bb][\/et_pb_image][\/et_pb_column][et_pb_column type=\u00bb3_5&#8243; _builder_version=\u00bb4.16&#8243; _module_preset=\u00bbdefault\u00bb global_colors_info=\u00bb{}\u00bb theme_builder_area=\u00bbpost_content\u00bb][et_pb_text admin_label=\u00bbTesto\u00bb _builder_version=\u00bb4.16&#8243; _module_preset=\u00bbdefault\u00bb text_font=\u00bb|300|||||||\u00bb header_2_text_color=\u00bbgcid-cb5643f0-d518-4fb5-93d5-55203e1c1ffb\u00bb header_2_font_size=\u00bb30px\u00bb global_colors_info=\u00bb{%22gcid-cb5643f0-d518-4fb5-93d5-55203e1c1ffb%22:%91%22header_2_text_color%22%93}\u00bb theme_builder_area=\u00bbpost_content\u00bb]<\/p>\n<h2 style=\"text-align: center;\"><strong>FUNERAL B\u00c1SICO<\/strong><\/h2>\n<ul>\n<li>F\u00e9retro de pino con acolchado interior y un s\u00edmbolo religioso en caso de que sea apropiado.<\/li>\n<li>Preparaci\u00f3n y colocaci\u00f3n del cuerpo en el f\u00e9retro y sellado de este.<\/li>\n<li>Escarapela en el domicilio de la persona fallecida y mesa de firmas.<\/li>\n<li>Gesti\u00f3n de los tr\u00e1mites administrativos, organizaci\u00f3n del funeral y traslado dentro del municipio.<\/li>\n<\/ul>\n<p>[\/et_pb_text][et_pb_button button_url=\u00bbtel:+390266222895&#8243; button_text=\u00bbponerse en contacto con nosotros\u00bb button_alignment=\u00bbcenter\u00bb _builder_version=\u00bb4.16&#8243; _module_preset=\u00bbdefault\u00bb custom_button=\u00bbon\u00bb button_text_size=\u00bb14px\u00bb button_text_color=\u00bb#FFFFFF\u00bb button_bg_color=\u00bbgcid-cb5643f0-d518-4fb5-93d5-55203e1c1ffb\u00bb button_border_width=\u00bb2px\u00bb button_border_radius=\u00bb3px\u00bb button_font=\u00bb||||||||\u00bb button_icon=\u00bb&#xe090;||divi||400&#8243; global_colors_info=\u00bb{%22gcid-cb5643f0-d518-4fb5-93d5-55203e1c1ffb%22:%91%22button_bg_color%22%93}\u00bb theme_builder_area=\u00bbpost_content\u00bb][\/et_pb_button][\/et_pb_column][\/et_pb_row][et_pb_row column_structure=\u00bb2_5,3_5&#8243; admin_label=\u00bbF completo\u00bb module_id=\u00bbdiv-funeral-completo\u00bb module_class=\u00bbhide-div\u00bb _builder_version=\u00bb4.16&#8243; _module_preset=\u00bbdefault\u00bb width=\u00bb100%\u00bb global_colors_info=\u00bb{}\u00bb theme_builder_area=\u00bbpost_content\u00bb][et_pb_column type=\u00bb2_5&#8243; _builder_version=\u00bb4.16&#8243; _module_preset=\u00bbdefault\u00bb global_colors_info=\u00bb{}\u00bb theme_builder_area=\u00bbpost_content\u00bb][et_pb_image src=\u00bbhttps:\/\/www.nebulonghi.it\/wp-content\/uploads\/2021\/03\/rosa-bara-scaled.jpg\u00bb title_text=\u00bbrose\u00bb _builder_version=\u00bb4.16&#8243; _module_preset=\u00bbdefault\u00bb global_colors_info=\u00bb{}\u00bb theme_builder_area=\u00bbpost_content\u00bb][\/et_pb_image][\/et_pb_column][et_pb_column type=\u00bb3_5&#8243; _builder_version=\u00bb4.16&#8243; _module_preset=\u00bbdefault\u00bb global_colors_info=\u00bb{}\u00bb theme_builder_area=\u00bbpost_content\u00bb][et_pb_text module_id=\u00bb#funerale-completo\u00bb _builder_version=\u00bb4.16&#8243; _module_preset=\u00bbdefault\u00bb text_font=\u00bb|300|||||||\u00bb header_2_text_color=\u00bbgcid-cb5643f0-d518-4fb5-93d5-55203e1c1ffb\u00bb header_2_font_size=\u00bb30px\u00bb global_colors_info=\u00bb{%22gcid-cb5643f0-d518-4fb5-93d5-55203e1c1ffb%22:%91%22header_2_text_color%22%93}\u00bb theme_builder_area=\u00bbpost_content\u00bb]<\/p>\n<h2 style=\"text-align: center;\"><strong>FUNERAL COMPLETO<\/strong><\/h2>\n<ul>\n<li>F\u00e9retro del material de su elecci\u00f3n con acolchado interior y un s\u00edmbolo religioso en caso de que sea apropiado.<\/li>\n<li>Preparaci\u00f3n y colocaci\u00f3n del cuerpo en el f\u00e9retro y sellado de este.<\/li>\n<li>Escarapela en el domicilio de la persona fallecida y mesa de firmas.<\/li>\n<li>Gesti\u00f3n de todos los tr\u00e1mites administrativos en todos los municipios de la Ciudad Metropolitana de Mil\u00e1n.<\/li>\n<li>Transporte funerario a cualquier destino.<\/li>\n<li>Esparcimiento de flores por el f\u00e9retro.<\/li>\n<li>Preparaci\u00f3n de la capilla ardiente en el domicilio, en el hospital o en una instalaci\u00f3n sanitaria.<\/li>\n<\/ul>\n<p>[\/et_pb_text][et_pb_button button_url=\u00bbtel:+390266222895&#8243; button_text=\u00bbponerse en contacto con nosotros\u00bb button_alignment=\u00bbcenter\u00bb _builder_version=\u00bb4.16&#8243; _module_preset=\u00bbdefault\u00bb custom_button=\u00bbon\u00bb button_text_size=\u00bb14px\u00bb button_text_color=\u00bb#FFFFFF\u00bb button_bg_color=\u00bbgcid-cb5643f0-d518-4fb5-93d5-55203e1c1ffb\u00bb button_font=\u00bb||||||||\u00bb button_icon=\u00bb&#xe090;||divi||400&#8243; global_colors_info=\u00bb{%22gcid-cb5643f0-d518-4fb5-93d5-55203e1c1ffb%22:%91%22button_bg_color%22%93}\u00bb theme_builder_area=\u00bbpost_content\u00bb][\/et_pb_button][\/et_pb_column][\/et_pb_row][et_pb_row column_structure=\u00bb2_5,3_5&#8243; admin_label=\u00bbF personalizzato\u00bb module_id=\u00bbdiv-funeral-personalizado\u00bb module_class=\u00bbhide-div\u00bb _builder_version=\u00bb4.16&#8243; _module_preset=\u00bbdefault\u00bb width=\u00bb100%\u00bb global_colors_info=\u00bb{}\u00bb theme_builder_area=\u00bbpost_content\u00bb][et_pb_column type=\u00bb2_5&#8243; _builder_version=\u00bb4.16&#8243; _module_preset=\u00bbdefault\u00bb global_colors_info=\u00bb{}\u00bb theme_builder_area=\u00bbpost_content\u00bb][et_pb_image src=\u00bbhttps:\/\/www.nebulonghi.it\/wp-content\/uploads\/2021\/03\/bara-fiori-scaled.jpg\u00bb title_text=\u00bbcoffin flowers\u00bb _builder_version=\u00bb4.16&#8243; _module_preset=\u00bbdefault\u00bb global_colors_info=\u00bb{}\u00bb theme_builder_area=\u00bbpost_content\u00bb][\/et_pb_image][\/et_pb_column][et_pb_column type=\u00bb3_5&#8243; _builder_version=\u00bb4.16&#8243; _module_preset=\u00bbdefault\u00bb global_colors_info=\u00bb{}\u00bb theme_builder_area=\u00bbpost_content\u00bb][et_pb_text module_id=\u00bb#funerale-personalizzato\u00bb _builder_version=\u00bb4.16&#8243; _module_preset=\u00bbdefault\u00bb text_font=\u00bb|300|||||||\u00bb header_2_text_color=\u00bbgcid-cb5643f0-d518-4fb5-93d5-55203e1c1ffb\u00bb header_2_font_size=\u00bb30px\u00bb global_colors_info=\u00bb{%22gcid-cb5643f0-d518-4fb5-93d5-55203e1c1ffb%22:%91%22header_2_text_color%22%93}\u00bb theme_builder_area=\u00bbpost_content\u00bb]<\/p>\n<h2 style=\"text-align: center;\"><strong>FUNERAL PERSONALIZADO<\/strong><\/h2>\n<ul>\n<li>F\u00e9retro del material de su elecci\u00f3n con acolchado interior y un s\u00edmbolo religioso en caso de que sea apropiado.<\/li>\n<li>Preparaci\u00f3n y colocaci\u00f3n del cuerpo en el f\u00e9retro y sellado de este.<\/li>\n<li>Ornamentaci\u00f3n y esquelas murales.<\/li>\n<li>Gesti\u00f3n de todos los tr\u00e1mites administrativos en todos los municipios de la Ciudad Metropolitana de Mil\u00e1n.<\/li>\n<li>Transporte funerario a cualquier destino.<\/li>\n<li>Esparcimiento de flores por el f\u00e9retro.<\/li>\n<li>Preparaci\u00f3n de la capilla ardiente en el domicilio, en el hospital o en una instalaci\u00f3n sanitaria.<\/li>\n<li>Tarjetas de recordatorio.<\/li>\n<li>Placas o piedras conmemorativas.<\/li>\n<\/ul>\n<p>P\u00f3ngase en contacto con nosotros.<\/p>\n<p>[\/et_pb_text][et_pb_button button_url=\u00bbtel:+390266222895&#8243; button_text=\u00bbponerse en contacto con nosotros\u00bb button_alignment=\u00bbcenter\u00bb _builder_version=\u00bb4.16&#8243; _module_preset=\u00bbdefault\u00bb custom_button=\u00bbon\u00bb button_text_size=\u00bb14px\u00bb button_text_color=\u00bb#FFFFFF\u00bb button_bg_color=\u00bbgcid-cb5643f0-d518-4fb5-93d5-55203e1c1ffb\u00bb button_font=\u00bb||||||||\u00bb button_icon=\u00bb&#xe090;||divi||400&#8243; global_colors_info=\u00bb{%22gcid-cb5643f0-d518-4fb5-93d5-55203e1c1ffb%22:%91%22button_bg_color%22%93}\u00bb theme_builder_area=\u00bbpost_content\u00bb][\/et_pb_button][\/et_pb_column][\/et_pb_row][\/et_pb_section][et_pb_section fb_built=\u00bb1&#8243; _builder_version=\u00bb4.16&#8243; _module_preset=\u00bbdefault\u00bb custom_margin=\u00bb0px||0px||true|false\u00bb custom_padding=\u00bb0px||0px||true|false\u00bb global_colors_info=\u00bb{}\u00bb theme_builder_area=\u00bbpost_content\u00bb da_is_popup=\u00bboff\u00bb da_exit_intent=\u00bboff\u00bb da_has_close=\u00bbon\u00bb da_alt_close=\u00bboff\u00bb da_dark_close=\u00bboff\u00bb da_not_modal=\u00bbon\u00bb da_is_singular=\u00bboff\u00bb da_with_loader=\u00bboff\u00bb da_has_shadow=\u00bbon\u00bb da_disable_devices=\u00bboff|off|off\u00bb][et_pb_row column_structure=\u00bb2_3,1_3&#8243; admin_label=\u00bbCTA Row\u00bb module_class=\u00bbcta-chiama\u00bb _builder_version=\u00bb4.16&#8243; background_color=\u00bb#3e70b6&#8243; background_color_gradient_direction=\u00bb137deg\u00bb width=\u00bb100%\u00bb custom_padding=\u00bb1em|40px|1.5em|40px|false|false\u00bb border_radii=\u00bbon|2px|2px|2px|2px\u00bb global_colors_info=\u00bb{%22gcid-a96d85c8-e9b2-4e00-99b5-7485533ef31f%22:%91%93,%22gcid-cb5643f0-d518-4fb5-93d5-55203e1c1ffb%22:%91%93}\u00bb theme_builder_area=\u00bbpost_content\u00bb][et_pb_column type=\u00bb2_3&#8243; _builder_version=\u00bb4.16&#8243; custom_padding=\u00bb|||\u00bb global_colors_info=\u00bb{}\u00bb custom_padding__hover=\u00bb|||\u00bb theme_builder_area=\u00bbpost_content\u00bb][et_pb_text module_class=\u00bbcta-chiama-txt\u00bb _builder_version=\u00bb4.16&#8243; text_font=\u00bb||||||||\u00bb text_text_color=\u00bb#ffffff\u00bb text_font_size=\u00bb15px\u00bb header_font=\u00bb|700|||||||\u00bb header_text_align=\u00bbleft\u00bb header_text_color=\u00bb#ffffff\u00bb header_font_size=\u00bb35px\u00bb header_line_height=\u00bb1.4em\u00bb header_2_font=\u00bb|700|||||||\u00bb header_2_text_align=\u00bbleft\u00bb header_2_text_color=\u00bb#ffffff\u00bb header_2_font_size=\u00bb35px\u00bb header_2_line_height=\u00bb1.4em\u00bb header_3_font=\u00bb||||||||\u00bb header_4_font=\u00bb||||||||\u00bb header_5_font=\u00bb||||||||\u00bb header_6_font=\u00bb||||||||\u00bb custom_margin=\u00bb||| \u00bb global_colors_info=\u00bb{}\u00bb theme_builder_area=\u00bbpost_content\u00bb]<\/p>\n<h2>SERVICIOS FUNERARIOS, CINISELLO BALSAMO<\/h2>\n<p>En caso de fallecimiento en un centro sanitario o en el domicilio en Cinisello Balsamo, le garantizamos una disponibilidad de 24 horas al d\u00eda: no dude en <a title=\"chiamaci\" href=\"tel:+390266222895\">LLAMARNOS<\/a>, estamos a su disposici\u00f3n<\/p>\n<p>[\/et_pb_text][\/et_pb_column][et_pb_column type=\u00bb1_3&#8243; _builder_version=\u00bb4.16&#8243; custom_padding=\u00bb|||\u00bb global_colors_info=\u00bb{}\u00bb custom_padding__hover=\u00bb|||\u00bb theme_builder_area=\u00bbpost_content\u00bb][et_pb_button button_url=\u00bbtel:+390266222895&#8243; button_text=\u00bbponerse en contacto con nosotros\u00bb module_class=\u00bbfull-width-btn\u00bb _builder_version=\u00bb4.16&#8243; _module_preset=\u00bb255d068a-70ed-4dff-bad5-7346b9cd57bc\u00bb button_text_color=\u00bb#000000&#8243; button_bg_color=\u00bb#FFFFFF\u00bb button_font=\u00bb|600|||||||\u00bb custom_margin=\u00bb1em||||false|false\u00bb animation_style=\u00bbnone\u00bb hover_transition_duration=\u00bb0ms\u00bb hover_transition_speed_curve=\u00bbease-in-out\u00bb button_letter_spacing_hover=\u00bb1px\u00bb button_bg_color_hover=\u00bb#236299&#8243; saved_tabs=\u00bball\u00bb locked=\u00bboff\u00bb global_colors_info=\u00bb{%22gcid-cb5643f0-d518-4fb5-93d5-55203e1c1ffb%22:%91%93,%22gcid-a96d85c8-e9b2-4e00-99b5-7485533ef31f%22:%91%93}\u00bb button_one_text_size__hover_enabled=\u00bboff\u00bb button_two_text_size__hover_enabled=\u00bboff\u00bb button_one_text_color__hover_enabled=\u00bboff\u00bb button_two_text_color__hover_enabled=\u00bboff\u00bb button_one_border_width__hover_enabled=\u00bboff\u00bb button_two_border_width__hover_enabled=\u00bboff\u00bb button_one_border_color__hover_enabled=\u00bboff\u00bb button_two_border_color__hover_enabled=\u00bboff\u00bb button_one_border_radius__hover_enabled=\u00bboff\u00bb button_two_border_radius__hover_enabled=\u00bboff\u00bb button_one_letter_spacing__hover_enabled=\u00bboff\u00bb button_two_letter_spacing__hover_enabled=\u00bboff\u00bb button_one_bg_color__hover_enabled=\u00bboff\u00bb button_two_bg_color__hover_enabled=\u00bboff\u00bb button_bg_color__hover_enabled=\u00bbon|hover\u00bb button_bg_color__hover=\u00bb#000000&#8243; button_bg_enable_color__hover=\u00bbon\u00bb button_text_color__hover_enabled=\u00bbon|hover\u00bb button_text_color__hover=\u00bb#FFFFFF\u00bb theme_builder_area=\u00bbpost_content\u00bb][\/et_pb_button][\/et_pb_column][\/et_pb_row][\/et_pb_section]<\/p>\n","protected":false},"excerpt":{"rendered":"<p>Servicios funerarios en Cinisello Balsamo. Nuestro tanatorio se encuentra en la Via Gorki, en la esquina con la Via Ferri, a 500 metros de la entrada del hospital Bassini.<\/p>\n","protected":false},"featured_media":287481,"template":"","meta":{"_et_pb_use_builder":"on","_et_pb_old_content":"","_et_gb_content_width":""},"class_list":["post-250872","sedi","type-sedi","status-publish","has-post-thumbnail","hentry"],"_links":{"self":[{"href":"https:\/\/www.nebulonghi.it\/es\/wp-json\/wp\/v2\/sedi\/250872","targetHints":{"allow":["GET"]}}],"collection":[{"href":"https:\/\/www.nebulonghi.it\/es\/wp-json\/wp\/v2\/sedi"}],"about":[{"href":"https:\/\/www.nebulonghi.it\/es\/wp-json\/wp\/v2\/types\/sedi"}],"wp:featuredmedia":[{"embeddable":true,"href":"https:\/\/www.nebulonghi.it\/es\/wp-json\/wp\/v2\/media\/287481"}],"wp:attachment":[{"href":"https:\/\/www.nebulonghi.it\/es\/wp-json\/wp\/v2\/media?parent=250872"}],"curies":[{"name":"wp","href":"https:\/\/api.w.org\/{rel}","templated":true}]}}