{"id":250868,"date":"2021-08-06T16:40:54","date_gmt":"2021-08-06T14:40:54","guid":{"rendered":"https:\/\/staging.nebulonghi.it\/funerales"},"modified":"2021-10-20T16:25:44","modified_gmt":"2021-10-20T14:25:44","slug":"funerales","status":"publish","type":"page","link":"https:\/\/www.nebulonghi.it\/es\/funerales","title":{"rendered":"Funerales"},"content":{"rendered":"<p>[et_pb_section fb_built=\u00bb1&#8243; _builder_version=\u00bb4.9.4&#8243; _module_preset=\u00bbdefault\u00bb custom_margin=\u00bb0px||0px||false|false\u00bb custom_padding=\u00bb0px||0px||false|false\u00bb global_colors_info=\u00bb{}\u00bb][et_pb_row admin_label=\u00bbtitle and paragraph\u00bb _builder_version=\u00bb4.9.7&#8243; _module_preset=\u00bbdefault\u00bb width=\u00bb100%\u00bb width_last_edited=\u00bboff|desktop\u00bb max_width=\u00bb2560px\u00bb custom_margin=\u00bb0px||0px||false|false\u00bb custom_padding=\u00bb0px||0px||false|false\u00bb global_colors_info=\u00bb{}\u00bb][et_pb_column type=\u00bb4_4&#8243; _builder_version=\u00bb4.9.4&#8243; _module_preset=\u00bbdefault\u00bb global_colors_info=\u00bb{}\u00bb][et_pb_text _builder_version=\u00bb4.9.7&#8243; _module_preset=\u00bbdefault\u00bb text_font=\u00bb|300|||||||\u00bb header_2_text_color=\u00bbgcid-cb5643f0-d518-4fb5-93d5-55203e1c1ffb\u00bb header_2_font_size=\u00bb22px\u00bb global_colors_info=\u00bb{%22gcid-cb5643f0-d518-4fb5-93d5-55203e1c1ffb%22:%91%22header_2_text_color%22%93}\u00bb]<\/p>\n<h2>Funerales<\/h2>\n<p>[\/et_pb_text][et_pb_text _builder_version=\u00bb4.11.2&#8243; _module_preset=\u00bbdefault\u00bb text_font=\u00bb|300|||||||\u00bb hover_enabled=\u00bb0&#8243; global_colors_info=\u00bb{}\u00bb sticky_enabled=\u00bb0&#8243;]<\/p>\n<p><span data-sheets-value=\"{&quot;1&quot;:2,&quot;2&quot;:&quot;Funerales\\nLe ofrecemos una amplia variedad de servicios y art\u00edculos, con las ventajas que suponen nuestros m\u00e1s de 50 a\u00f1os de experiencia, para ayudarle a elegir el funeral m\u00e1s adecuado para expresar sus sentimientos y presentar sus \u00faltimos respetos a su ser querido.\\n\\nEntre los productos y servicios necesarios para organizar un funeral en Mil\u00e1n de acuerdo con sus necesidades, ofrecemos una amplia selecci\u00f3n de f\u00e9retros para todo tipo de entierros, servicios de traslado y art\u00edculos conmemorativos. Otros servicios tradicionales incluyen la preparaci\u00f3n de la capilla ardiente, el acondicionamiento de la persona fallecida, los servicios de florister\u00eda, los obituarios y la decoraci\u00f3n.\\n\\nLos gastos relacionados con el funeral no est\u00e1n sujetos al pago del IVA y se pueden deducir hasta el l\u00edmite que marca la ley.\\n\\nDe acuerdo con nuestros valores basados en la transparencia y la sinceridad, ofrecemos tres tipos de funerales en Mil\u00e1n y su provincia:&quot;}\" data-sheets-userformat=\"{&quot;2&quot;:10625,&quot;3&quot;:{&quot;1&quot;:0,&quot;3&quot;:1},&quot;10&quot;:0,&quot;11&quot;:4,&quot;14&quot;:{&quot;1&quot;:3,&quot;3&quot;:1},&quot;16&quot;:11}\" data-sheets-textstyleruns=\"{&quot;1&quot;:0,&quot;2&quot;:{&quot;2&quot;:{&quot;1&quot;:3,&quot;3&quot;:1},&quot;3&quot;:&quot;Calibri&quot;,&quot;4&quot;:11}}\uee10{&quot;1&quot;:22,&quot;2&quot;:{&quot;2&quot;:{&quot;1&quot;:3,&quot;3&quot;:1},&quot;3&quot;:&quot;Calibri&quot;,&quot;4&quot;:11,&quot;5&quot;:1}}\uee10{&quot;1&quot;:23,&quot;2&quot;:{&quot;2&quot;:{&quot;1&quot;:3,&quot;3&quot;:1},&quot;3&quot;:&quot;Calibri&quot;,&quot;4&quot;:11}}\uee10{&quot;1&quot;:27,&quot;2&quot;:{&quot;2&quot;:{&quot;1&quot;:3,&quot;3&quot;:1},&quot;3&quot;:&quot;Calibri&quot;,&quot;4&quot;:11,&quot;5&quot;:1}}\uee10{&quot;1&quot;:67,&quot;2&quot;:{&quot;2&quot;:{&quot;1&quot;:3,&quot;3&quot;:1},&quot;3&quot;:&quot;Calibri&quot;,&quot;4&quot;:11}}\uee10{&quot;1&quot;:114,&quot;2&quot;:{&quot;2&quot;:{&quot;1&quot;:3,&quot;3&quot;:1},&quot;3&quot;:&quot;Calibri&quot;,&quot;4&quot;:11,&quot;5&quot;:1}}\uee10{&quot;1&quot;:136,&quot;2&quot;:{&quot;2&quot;:{&quot;1&quot;:3,&quot;3&quot;:1},&quot;3&quot;:&quot;Calibri&quot;,&quot;4&quot;:11}}\uee10{&quot;1&quot;:266,&quot;2&quot;:{&quot;2&quot;:{&quot;1&quot;:3,&quot;3&quot;:1},&quot;3&quot;:&quot;Calibri&quot;,&quot;4&quot;:11}}\uee10{&quot;1&quot;:268,&quot;2&quot;:{&quot;2&quot;:{&quot;1&quot;:3,&quot;3&quot;:1},&quot;3&quot;:&quot;Calibri&quot;,&quot;4&quot;:11}}\uee10{&quot;1&quot;:316,&quot;2&quot;:{&quot;2&quot;:{&quot;1&quot;:3,&quot;3&quot;:1},&quot;3&quot;:&quot;Calibri&quot;,&quot;4&quot;:11,&quot;5&quot;:1}}\uee10{&quot;1&quot;:345,&quot;2&quot;:{&quot;2&quot;:{&quot;1&quot;:3,&quot;3&quot;:1},&quot;3&quot;:&quot;Calibri&quot;,&quot;4&quot;:11}}\uee10{&quot;1&quot;:499,&quot;2&quot;:{&quot;2&quot;:{&quot;1&quot;:3,&quot;3&quot;:1},&quot;3&quot;:&quot;Calibri&quot;,&quot;4&quot;:11}}\uee10{&quot;1&quot;:500,&quot;2&quot;:{&quot;2&quot;:{&quot;1&quot;:3,&quot;3&quot;:1},&quot;3&quot;:&quot;Calibri&quot;,&quot;4&quot;:11}}\uee10{&quot;1&quot;:685,&quot;2&quot;:{&quot;2&quot;:{&quot;1&quot;:3,&quot;3&quot;:1},&quot;3&quot;:&quot;Calibri&quot;,&quot;4&quot;:11}}\uee10{&quot;1&quot;:687,&quot;2&quot;:{&quot;2&quot;:{&quot;1&quot;:3,&quot;3&quot;:1},&quot;3&quot;:&quot;Calibri&quot;,&quot;4&quot;:11}}\uee10{&quot;1&quot;:691,&quot;2&quot;:{&quot;2&quot;:{&quot;1&quot;:3,&quot;3&quot;:1},&quot;3&quot;:&quot;Calibri&quot;,&quot;4&quot;:11,&quot;5&quot;:1}}\uee10{&quot;1&quot;:725,&quot;2&quot;:{&quot;2&quot;:{&quot;1&quot;:3,&quot;3&quot;:1},&quot;3&quot;:&quot;Calibri&quot;,&quot;4&quot;:11}}\uee10{&quot;1&quot;:812,&quot;2&quot;:{&quot;2&quot;:{&quot;1&quot;:3,&quot;3&quot;:1},&quot;3&quot;:&quot;Calibri&quot;,&quot;4&quot;:11}}\uee10{&quot;1&quot;:814,&quot;2&quot;:{&quot;2&quot;:{&quot;1&quot;:3,&quot;3&quot;:1},&quot;3&quot;:&quot;Calibri&quot;,&quot;4&quot;:11}}\uee10{&quot;1&quot;:901,&quot;2&quot;:{&quot;2&quot;:{&quot;1&quot;:3,&quot;3&quot;:1},&quot;3&quot;:&quot;Calibri&quot;,&quot;4&quot;:11,&quot;5&quot;:1}}\uee10{&quot;1&quot;:948,&quot;2&quot;:{&quot;2&quot;:{&quot;1&quot;:3,&quot;3&quot;:1},&quot;3&quot;:&quot;Calibri&quot;,&quot;4&quot;:11}}\">Le ofrecemos una <strong>amplia variedad de servicios y art\u00edculos<\/strong>, con las ventajas que suponen nuestros m\u00e1s de <strong>50 a\u00f1os de experiencia<\/strong>, para ayudarle a elegir el funeral m\u00e1s adecuado para expresar sus sentimientos y presentar sus \u00faltimos respetos a su ser querido. <\/span><\/p>\n<p>Entre los productos y servicios necesarios para <strong>organizar un funeral<\/strong> <strong>en Mil\u00e1n<\/strong> de acuerdo con sus necesidades, ofrecemos una amplia selecci\u00f3n de f\u00e9retros para todo tipo de entierros, servicios de traslado y art\u00edculos conmemorativos. Otros servicios tradicionales incluyen la preparaci\u00f3n de la capilla ardiente, el acondicionamiento de la persona fallecida, los servicios de florister\u00eda, los obituarios y la decoraci\u00f3n.<\/p>\n<p>Los<strong> gastos relacionados con el funeral<\/strong> no est\u00e1n sujetos al pago del IVA y se pueden deducir hasta el l\u00edmite que marca la ley.<\/p>\n<p>De acuerdo con nuestros valores basados en la transparencia y la sinceridad, ofrecemos <strong>tres tipos de funerales en Mil\u00e1n y su provincia:<\/strong><\/p>\n<p>[\/et_pb_text][\/et_pb_column][\/et_pb_row][et_pb_row column_structure=\u00bb1_3,1_3,1_3&#8243; admin_label=\u00bbfunerali-tabs-container\u00bb module_id=\u00bbfunerali-tabs-container\u00bb _builder_version=\u00bb4.9.7&#8243; _module_preset=\u00bbdefault\u00bb width_tablet=\u00bb\u00bb width_phone=\u00bb100%\u00bb width_last_edited=\u00bbon|phone\u00bb global_colors_info=\u00bb{}\u00bb][et_pb_column type=\u00bb1_3&#8243; _builder_version=\u00bb4.9.4&#8243; _module_preset=\u00bbdefault\u00bb global_colors_info=\u00bb{}\u00bb][et_pb_text _builder_version=\u00bb4.9.4&#8243; _module_preset=\u00bbdefault\u00bb global_colors_info=\u00bb{}\u00bb]<\/p>\n<p><a class=\"button__tabs\" href=\"#funeral-basico\">Funeral basico<\/a><\/p>\n<p>[\/et_pb_text][\/et_pb_column][et_pb_column type=\u00bb1_3&#8243; _builder_version=\u00bb4.9.4&#8243; _module_preset=\u00bbdefault\u00bb global_colors_info=\u00bb{}\u00bb][et_pb_text _builder_version=\u00bb4.9.4&#8243; _module_preset=\u00bbdefault\u00bb global_colors_info=\u00bb{}\u00bb]<\/p>\n<p><a class=\"button__tabs\" href=\"#funeral-completo\">Funeral completo<\/a><\/p>\n<p>[\/et_pb_text][\/et_pb_column][et_pb_column type=\u00bb1_3&#8243; _builder_version=\u00bb4.9.4&#8243; _module_preset=\u00bbdefault\u00bb global_colors_info=\u00bb{}\u00bb][et_pb_text _builder_version=\u00bb4.9.4&#8243; _module_preset=\u00bbdefault\u00bb global_colors_info=\u00bb{}\u00bb]<\/p>\n<p><a class=\"button__tabs\" href=\"#funeral-personalizado\">Funeral personalizado<\/a><\/p>\n<p>[\/et_pb_text][\/et_pb_column][\/et_pb_row][et_pb_row column_structure=\u00bb2_5,3_5&#8243; admin_label=\u00bbFUNERAL BASICO\u00bb module_id=\u00bbdiv-funeral-basico\u00bb module_class=\u00bbhide-div\u00bb _builder_version=\u00bb4.9.10&#8243; _module_preset=\u00bbdefault\u00bb width=\u00bb100%\u00bb global_colors_info=\u00bb{}\u00bb][et_pb_column type=\u00bb2_5&#8243; _builder_version=\u00bb4.9.4&#8243; _module_preset=\u00bbdefault\u00bb global_colors_info=\u00bb{}\u00bb][et_pb_image src=\u00bbhttps:\/\/www.nebulonghi.it\/wp-content\/uploads\/2021\/03\/flower-candle-scaled.jpg\u00bb title_text=\u00bbcandle\u00bb _builder_version=\u00bb4.9.4&#8243; _module_preset=\u00bbdefault\u00bb global_colors_info=\u00bb{}\u00bb][\/et_pb_image][\/et_pb_column][et_pb_column type=\u00bb3_5&#8243; _builder_version=\u00bb4.9.4&#8243; _module_preset=\u00bbdefault\u00bb global_colors_info=\u00bb{}\u00bb][et_pb_text _builder_version=\u00bb4.9.7&#8243; _module_preset=\u00bbdefault\u00bb text_font=\u00bb|300|||||||\u00bb header_2_text_color=\u00bbgcid-cb5643f0-d518-4fb5-93d5-55203e1c1ffb\u00bb header_2_font_size=\u00bb30px\u00bb global_colors_info=\u00bb{%22gcid-cb5643f0-d518-4fb5-93d5-55203e1c1ffb%22:%91%22header_2_text_color%22%93}\u00bb]<\/p>\n<div class=\"et_pb_module et_pb_text et_pb_text_0  et_pb_text_align_left et_pb_bg_layout_light\">\n<div class=\"et_pb_text_inner\">\n<h2 style=\"text-align: center;\"><strong>FUNERAL BASICO<\/strong><\/h2>\n<p>&nbsp;<\/p>\n<p style=\"text-align: center;\">Los servicios esenciales para presentar sus \u00faltimos respetos a la persona querida con serenidad y dignidad. Nuestros servicios incluyen la gesti\u00f3n de los tr\u00e1mites municipales, los portadores del f\u00e9retro para la ceremonia, el f\u00e9retro, un coche f\u00fanebre de gama media y el traslado.\u00bb<\/p>\n<\/div>\n<\/div>\n<p>[\/et_pb_text][et_pb_button button_url=\u00bbtel:+390266222895&#8243; button_text=\u00bbponerse en contacto con nosotros\u00bb button_alignment=\u00bbcenter\u00bb _builder_version=\u00bb4.9.4&#8243; _module_preset=\u00bbdefault\u00bb custom_button=\u00bbon\u00bb button_text_size=\u00bb14px\u00bb button_text_color=\u00bb#FFFFFF\u00bb button_bg_color=\u00bbgcid-cb5643f0-d518-4fb5-93d5-55203e1c1ffb\u00bb button_border_width=\u00bb2px\u00bb button_border_radius=\u00bb3px\u00bb button_font=\u00bb||||||||\u00bb button_icon=\u00bb%%264%%\u00bb global_colors_info=\u00bb{%22gcid-cb5643f0-d518-4fb5-93d5-55203e1c1ffb%22:%91%22button_bg_color%22%93}\u00bb][\/et_pb_button][\/et_pb_column][\/et_pb_row][et_pb_row column_structure=\u00bb2_5,3_5&#8243; admin_label=\u00bbFUNERAL COMPLETO\u00bb module_id=\u00bbdiv-funeral-completo\u00bb module_class=\u00bbhide-div\u00bb _builder_version=\u00bb4.9.10&#8243; _module_preset=\u00bbdefault\u00bb width=\u00bb100%\u00bb global_colors_info=\u00bb{}\u00bb][et_pb_column type=\u00bb2_5&#8243; _builder_version=\u00bb4.9.4&#8243; _module_preset=\u00bbdefault\u00bb global_colors_info=\u00bb{}\u00bb][et_pb_image src=\u00bbhttps:\/\/www.nebulonghi.it\/wp-content\/uploads\/2021\/03\/rosa-bara-scaled.jpg\u00bb title_text=\u00bbrose\u00bb _builder_version=\u00bb4.9.4&#8243; _module_preset=\u00bbdefault\u00bb global_colors_info=\u00bb{}\u00bb][\/et_pb_image][\/et_pb_column][et_pb_column type=\u00bb3_5&#8243; _builder_version=\u00bb4.9.4&#8243; _module_preset=\u00bbdefault\u00bb global_colors_info=\u00bb{}\u00bb][et_pb_text module_id=\u00bb#funerale-completo\u00bb _builder_version=\u00bb4.9.7&#8243; _module_preset=\u00bbdefault\u00bb text_font=\u00bb|300|||||||\u00bb header_2_text_color=\u00bbgcid-cb5643f0-d518-4fb5-93d5-55203e1c1ffb\u00bb header_2_font_size=\u00bb30px\u00bb global_colors_info=\u00bb{%22gcid-cb5643f0-d518-4fb5-93d5-55203e1c1ffb%22:%91%22header_2_text_color%22%93}\u00bb]<\/p>\n<h2 style=\"text-align: center;\"><strong>FUNERAL COMPLETO<\/strong><\/h2>\n<p style=\"text-align: center;\">\u00a0<\/p>\n<p style=\"text-align: center;\">Nuestros servicios funerarios completos incluyen el embalsamamiento, la decoraci\u00f3n, los servicios de florister\u00eda y la gesti\u00f3n de todos los tr\u00e1mites administrativos.<\/p>\n<p style=\"text-align: center;\">Nuestros servicios incluyen el acondicionamiento de la persona fallecida, el f\u00e9retro, el rociado de flores, los portadores del f\u00e9retro para la ceremonia, una escarapela y una nota de gratitud, la gesti\u00f3n de los tr\u00e1mites municipales, un coche f\u00fanebre de gama superior y el traslado.<\/p>\n<p>[\/et_pb_text][et_pb_button button_url=\u00bbtel:+390266222895&#8243; button_text=\u00bbponerse en contacto con nosotros\u00bb button_alignment=\u00bbcenter\u00bb _builder_version=\u00bb4.9.4&#8243; _module_preset=\u00bbdefault\u00bb custom_button=\u00bbon\u00bb button_text_size=\u00bb14px\u00bb button_text_color=\u00bb#FFFFFF\u00bb button_bg_color=\u00bbgcid-cb5643f0-d518-4fb5-93d5-55203e1c1ffb\u00bb button_font=\u00bb||||||||\u00bb button_icon=\u00bb%%264%%\u00bb global_colors_info=\u00bb{%22gcid-cb5643f0-d518-4fb5-93d5-55203e1c1ffb%22:%91%22button_bg_color%22%93}\u00bb][\/et_pb_button][\/et_pb_column][\/et_pb_row][et_pb_row column_structure=\u00bb2_5,3_5&#8243; admin_label=\u00bbFUNERAL PERSONALIZADO\u00bb module_id=\u00bbdiv-funeral-personalizado\u00bb module_class=\u00bbhide-div\u00bb _builder_version=\u00bb4.9.10&#8243; _module_preset=\u00bbdefault\u00bb width=\u00bb100%\u00bb global_colors_info=\u00bb{}\u00bb][et_pb_column type=\u00bb2_5&#8243; _builder_version=\u00bb4.9.4&#8243; _module_preset=\u00bbdefault\u00bb global_colors_info=\u00bb{}\u00bb][et_pb_image src=\u00bbhttps:\/\/www.nebulonghi.it\/wp-content\/uploads\/2021\/03\/bara-fiori-scaled.jpg\u00bb title_text=\u00bbcoffin flowers\u00bb _builder_version=\u00bb4.9.4&#8243; _module_preset=\u00bbdefault\u00bb global_colors_info=\u00bb{}\u00bb][\/et_pb_image][\/et_pb_column][et_pb_column type=\u00bb3_5&#8243; _builder_version=\u00bb4.9.4&#8243; _module_preset=\u00bbdefault\u00bb global_colors_info=\u00bb{}\u00bb][et_pb_text module_id=\u00bb#funerale-personalizzato\u00bb _builder_version=\u00bb4.9.7&#8243; _module_preset=\u00bbdefault\u00bb text_font=\u00bb|300|||||||\u00bb header_2_text_color=\u00bbgcid-cb5643f0-d518-4fb5-93d5-55203e1c1ffb\u00bb header_2_font_size=\u00bb30px\u00bb global_colors_info=\u00bb{%22gcid-cb5643f0-d518-4fb5-93d5-55203e1c1ffb%22:%91%22header_2_text_color%22%93}\u00bb]<\/p>\n<h2 style=\"text-align: center;\"><strong>FUNERAL PERSONALIZADO<\/strong><\/h2>\n<p>&nbsp;<\/p>\n<p style=\"text-align: center;\">Una ceremonia para quienes desean honrar el fallecimiento de su ser querido con un funeral que incluye tambi\u00e9n la preparaci\u00f3n de la capilla ardiente y los servicios del cementerio. Nuestros servicios completos incluyen el acondicionamiento de la persona fallecida, la preparaci\u00f3n de la capilla ardiente en el domicilio, en uno de nuestros tanatorios o en una instalaci\u00f3n sanitaria, el f\u00e9retro, el rociado de flores, una escarapela y una nota de gratitud, la gesti\u00f3n de los tr\u00e1mites municipales, la mesa de firmas, los portadores del f\u00e9retro para la ceremonia, un coche f\u00fanebre de gama superior, el traslado, las tarjetas conmemorativas y la preparaci\u00f3n de la tumba para el enterramiento o la placa conmemorativa para la inhumaci\u00f3n.<\/p>\n<p>[\/et_pb_text][et_pb_button button_url=\u00bbtel:+390266222895&#8243; button_text=\u00bbponerse en contacto con nosotros\u00bb button_alignment=\u00bbcenter\u00bb _builder_version=\u00bb4.9.4&#8243; _module_preset=\u00bbdefault\u00bb custom_button=\u00bbon\u00bb button_text_size=\u00bb14px\u00bb button_text_color=\u00bb#FFFFFF\u00bb button_bg_color=\u00bbgcid-cb5643f0-d518-4fb5-93d5-55203e1c1ffb\u00bb button_font=\u00bb||||||||\u00bb button_icon=\u00bb%%264%%\u00bb global_colors_info=\u00bb{%22gcid-cb5643f0-d518-4fb5-93d5-55203e1c1ffb%22:%91%22button_bg_color%22%93}\u00bb][\/et_pb_button][\/et_pb_column][\/et_pb_row][\/et_pb_section][et_pb_section fb_built=\u00bb1&#8243; _builder_version=\u00bb4.9.4&#8243; _module_preset=\u00bbdefault\u00bb custom_margin=\u00bb0px||0px||false|false\u00bb custom_padding=\u00bb0px||0px||false|false\u00bb global_colors_info=\u00bb{}\u00bb][et_pb_row _builder_version=\u00bb4.9.4&#8243; _module_preset=\u00bbdefault\u00bb width=\u00bb100%\u00bb custom_margin=\u00bb||0px||false|false\u00bb custom_padding=\u00bb||0px||false|false\u00bb global_colors_info=\u00bb{}\u00bb][et_pb_column type=\u00bb4_4&#8243; _builder_version=\u00bb4.9.3&#8243; _module_preset=\u00bbdefault\u00bb global_colors_info=\u00bb{}\u00bb][et_pb_text _builder_version=\u00bb4.9.3&#8243; _module_preset=\u00bbdefault\u00bb text_font=\u00bb|600|||||||\u00bb text_text_color=\u00bbgcid-cb5643f0-d518-4fb5-93d5-55203e1c1ffb\u00bb text_font_size=\u00bb17px\u00bb header_text_color=\u00bbgcid-cb5643f0-d518-4fb5-93d5-55203e1c1ffb\u00bb header_2_font=\u00bb|800|||||||\u00bb header_2_text_color=\u00bbgcid-cb5643f0-d518-4fb5-93d5-55203e1c1ffb\u00bb header_2_font_size=\u00bb30px\u00bb custom_margin=\u00bb0px|0px|1em|0px|false|false\u00bb custom_padding=\u00bb0px|0px|0px|0px|false|false\u00bb global_colors_info=\u00bb{%22gcid-cb5643f0-d518-4fb5-93d5-55203e1c1ffb%22:%91%22text_text_color%22,%22header_text_color%22,%22header_2_text_color%22%93}\u00bb]<\/p>\n<h2 style=\"text-align: center;\">Preguntas frecuentes<\/h2>\n<p>[\/et_pb_text][et_pb_df_faq filter_by_category_on=\u00bbon\u00bb include_categories=\u00bb135&#8243; has_custom_h=\u00bbon\u00bb accordion_bg_color_open=\u00bb#FFFFFF\u00bb accordion_icon_color=\u00bbgcid-cb5643f0-d518-4fb5-93d5-55203e1c1ffb\u00bb _builder_version=\u00bb4.9.4&#8243; _module_preset=\u00bbdefault\u00bb question_font=\u00bb|600|||||||\u00bb question_font_size=\u00bb16px\u00bb global_colors_info=\u00bb{%22gcid-cb5643f0-d518-4fb5-93d5-55203e1c1ffb%22:%91%22accordion_icon_color%22%93}\u00bb][\/et_pb_df_faq][\/et_pb_column][\/et_pb_row][et_pb_row column_structure=\u00bb2_3,1_3&#8243; admin_label=\u00bbCTA Row\u00bb _builder_version=\u00bb4.10.7&#8243; background_color=\u00bb#3e70b6&#8243; background_color_gradient_direction=\u00bb137deg\u00bb width=\u00bb100%\u00bb custom_padding=\u00bb32px|40px||40px\u00bb border_radii=\u00bbon|2px|2px|2px|2px\u00bb global_colors_info=\u00bb{%22gcid-a96d85c8-e9b2-4e00-99b5-7485533ef31f%22:%91%93,%22gcid-cb5643f0-d518-4fb5-93d5-55203e1c1ffb%22:%91%93}\u00bb][et_pb_column type=\u00bb2_3&#8243; _builder_version=\u00bb3.25&#8243; custom_padding=\u00bb|||\u00bb global_colors_info=\u00bb{}\u00bb custom_padding__hover=\u00bb|||\u00bb][et_pb_text _builder_version=\u00bb4.9.10&#8243; text_font=\u00bb||||||||\u00bb text_text_color=\u00bb#ffffff\u00bb text_font_size=\u00bb15px\u00bb header_font=\u00bb|700|||||||\u00bb header_text_align=\u00bbleft\u00bb header_text_color=\u00bb#ffffff\u00bb header_font_size=\u00bb35px\u00bb header_line_height=\u00bb1.4em\u00bb header_2_font=\u00bb|700|||||||\u00bb header_2_text_align=\u00bbleft\u00bb header_2_text_color=\u00bb#ffffff\u00bb header_2_font_size=\u00bb35px\u00bb header_2_line_height=\u00bb1.4em\u00bb header_3_font=\u00bb||||||||\u00bb header_4_font=\u00bb||||||||\u00bb header_5_font=\u00bb||||||||\u00bb header_6_font=\u00bb||||||||\u00bb custom_margin=\u00bb||| \u00bb global_colors_info=\u00bb{}\u00bb]<\/p>\n<h2><span data-sheets-value=\"{&quot;1&quot;:2,&quot;2&quot;:&quot;Estamos a su disposici\u00f3n\\nlas 24 horas del d\u00eda y los siete d\u00edas de la semana para organizar funerales para todas las confesiones religiosas o para funerales laicos.&quot;}\" data-sheets-userformat=\"{&quot;2&quot;:10625,&quot;3&quot;:{&quot;1&quot;:0,&quot;3&quot;:1},&quot;10&quot;:0,&quot;11&quot;:4,&quot;14&quot;:{&quot;1&quot;:3,&quot;3&quot;:1},&quot;16&quot;:11}\">Estamos a su disposici\u00f3n <\/span><\/h2>\n<p><span data-sheets-value=\"{&quot;1&quot;:2,&quot;2&quot;:&quot;Estamos a su disposici\u00f3n\\nlas 24 horas del d\u00eda y los siete d\u00edas de la semana para organizar funerales para todas las confesiones religiosas o para funerales laicos.&quot;}\" data-sheets-userformat=\"{&quot;2&quot;:10625,&quot;3&quot;:{&quot;1&quot;:0,&quot;3&quot;:1},&quot;10&quot;:0,&quot;11&quot;:4,&quot;14&quot;:{&quot;1&quot;:3,&quot;3&quot;:1},&quot;16&quot;:11}\">Las 24 horas del d\u00eda y los siete d\u00edas de la semana para organizar funerales para todas las confesiones religiosas o para funerales laicos.<\/span><\/p>\n<p>[\/et_pb_text][\/et_pb_column][et_pb_column type=\u00bb1_3&#8243; _builder_version=\u00bb3.25&#8243; custom_padding=\u00bb|||\u00bb global_colors_info=\u00bb{}\u00bb custom_padding__hover=\u00bb|||\u00bb][et_pb_button button_url=\u00bbtel:+390266222895&#8243; button_text=\u00bbPonerse en contacto con nosotros\u00bb module_class=\u00bbfull-width-btn\u00bb _builder_version=\u00bb4.9.10&#8243; _module_preset=\u00bb255d068a-70ed-4dff-bad5-7346b9cd57bc\u00bb button_text_color=\u00bb#000000&#8243; button_bg_color=\u00bb#FFFFFF\u00bb button_font=\u00bb|600|||||||\u00bb custom_margin=\u00bb1em||||false|false\u00bb animation_style=\u00bbnone\u00bb hover_transition_duration=\u00bb0ms\u00bb hover_transition_speed_curve=\u00bbease-in-out\u00bb button_letter_spacing_hover=\u00bb1px\u00bb button_bg_color_hover=\u00bb#236299&#8243; saved_tabs=\u00bball\u00bb locked=\u00bboff\u00bb global_colors_info=\u00bb{%22gcid-cb5643f0-d518-4fb5-93d5-55203e1c1ffb%22:%91%93,%22gcid-a96d85c8-e9b2-4e00-99b5-7485533ef31f%22:%91%93}\u00bb button_one_text_size__hover_enabled=\u00bboff\u00bb button_two_text_size__hover_enabled=\u00bboff\u00bb button_one_text_color__hover_enabled=\u00bboff\u00bb button_two_text_color__hover_enabled=\u00bboff\u00bb button_one_border_width__hover_enabled=\u00bboff\u00bb button_two_border_width__hover_enabled=\u00bboff\u00bb button_one_border_color__hover_enabled=\u00bboff\u00bb button_two_border_color__hover_enabled=\u00bboff\u00bb button_one_border_radius__hover_enabled=\u00bboff\u00bb button_two_border_radius__hover_enabled=\u00bboff\u00bb button_one_letter_spacing__hover_enabled=\u00bboff\u00bb button_two_letter_spacing__hover_enabled=\u00bboff\u00bb button_one_bg_color__hover_enabled=\u00bboff\u00bb button_two_bg_color__hover_enabled=\u00bboff\u00bb button_bg_color__hover_enabled=\u00bbon|hover\u00bb button_bg_color__hover=\u00bb#000000&#8243; button_bg_enable_color__hover=\u00bbon\u00bb button_text_color__hover_enabled=\u00bbon|hover\u00bb button_text_color__hover=\u00bb#FFFFFF\u00bb][\/et_pb_button][\/et_pb_column][\/et_pb_row][\/et_pb_section]<\/p>\n","protected":false},"excerpt":{"rendered":"<p>Si elige a Arimatea Nebulonghi para organizar un funeral en Mil\u00e1n y su provincia, disfrutar\u00e1 de un servicio funerario a medida, totalmente respetuoso con la voluntad de la familia y la persona fallecida y adaptado a sus necesidades financieras.\u00bb<\/p>\n","protected":false},"author":2,"featured_media":245693,"parent":0,"menu_order":0,"comment_status":"closed","ping_status":"closed","template":"","meta":{"_et_pb_use_builder":"on","_et_pb_old_content":"","_et_gb_content_width":"","footnotes":""},"class_list":["post-250868","page","type-page","status-publish","has-post-thumbnail","hentry"],"_links":{"self":[{"href":"https:\/\/www.nebulonghi.it\/es\/wp-json\/wp\/v2\/pages\/250868","targetHints":{"allow":["GET"]}}],"collection":[{"href":"https:\/\/www.nebulonghi.it\/es\/wp-json\/wp\/v2\/pages"}],"about":[{"href":"https:\/\/www.nebulonghi.it\/es\/wp-json\/wp\/v2\/types\/page"}],"author":[{"embeddable":true,"href":"https:\/\/www.nebulonghi.it\/es\/wp-json\/wp\/v2\/users\/2"}],"replies":[{"embeddable":true,"href":"https:\/\/www.nebulonghi.it\/es\/wp-json\/wp\/v2\/comments?post=250868"}],"version-history":[{"count":0,"href":"https:\/\/www.nebulonghi.it\/es\/wp-json\/wp\/v2\/pages\/250868\/revisions"}],"wp:featuredmedia":[{"embeddable":true,"href":"https:\/\/www.nebulonghi.it\/es\/wp-json\/wp\/v2\/media\/245693"}],"wp:attachment":[{"href":"https:\/\/www.nebulonghi.it\/es\/wp-json\/wp\/v2\/media?parent=250868"}],"curies":[{"name":"wp","href":"https:\/\/api.w.org\/{rel}","templated":true}]}}